{"id":632,"date":"2021-05-14T19:08:25","date_gmt":"2021-05-14T19:08:25","guid":{"rendered":"https:\/\/psychotherapiehaus.ch\/?page_id=632-old"},"modified":"2021-07-16T20:03:30","modified_gmt":"2021-07-16T20:03:30","slug":"burnout-before-import","status":"publish","type":"page","link":"https:\/\/psychotherapiehaus.ch\/tr\/burnout-before-import\/","title":{"rendered":"T\u00fckenmi\u015flik Sendromu"},"content":{"rendered":"<figure class=\"wp-block-image size-large is-resized is-style-default\"><img loading=\"lazy\" src=\"https:\/\/psychotherapiehaus.ch\/wp-content\/uploads\/2021\/07\/tukenmislik-1-1024x341.jpg\" alt=\"\" class=\"wp-image-1980\" width=\"1449\" height=\"482\" srcset=\"https:\/\/psychotherapiehaus.ch\/wp-content\/uploads\/2021\/07\/tukenmislik-1-1024x341.jpg 1024w, https:\/\/psychotherapiehaus.ch\/wp-content\/uploads\/2021\/07\/tukenmislik-1-300x100.jpg 300w, https:\/\/psychotherapiehaus.ch\/wp-content\/uploads\/2021\/07\/tukenmislik-1-768x256.jpg 768w, https:\/\/psychotherapiehaus.ch\/wp-content\/uploads\/2021\/07\/tukenmislik-1-1536x512.jpg 1536w, https:\/\/psychotherapiehaus.ch\/wp-content\/uploads\/2021\/07\/tukenmislik-1.jpg 1920w\" sizes=\"(max-width: 1449px) 100vw, 1449px\" \/><\/figure>\n\n\n\n<p><\/p>\n\n\n\n<p><\/p>\n\n\n\n<h3 id=\"h-was-genau-ist-ein-burnout-berhaupt\"><strong><span class=\"has-inline-color has-colibri-color-3-color\">Was genau ist ein Burnout \u00fcberhaupt?<\/span><\/strong><\/h3>\n\n\n\n<p>Du bist unglaublich engagiert bei der Arbeit, \u00fcbernimmst unz\u00e4hlige Aufgaben und \u00dcberstunden stehen an der Tagesordnung? Du f\u00fchlst dich k\u00f6rperlich und geistig ersch\u00f6pft und Motivation und Freude werden f\u00fcr dich langsam aber sicher zu Fremdw\u00f6rtern?<\/p>\n\n\n\n<p>Der gr\u00f6\u00dfte Risikofaktor f\u00fcr einen Burnout liegt klar auf der Hand: \u00fcberm\u00e4\u00dfiger Stress.&nbsp;Ein Burnout wird h\u00e4ufig als Gef\u00fchl des Ausgebranntseins beschrieben. Das gilt f\u00fcr den K\u00f6rper, den Geist und auch die&nbsp;Emotionen.  Ein umfassender Ersch\u00f6pfungszustand macht sich breit und m\u00f6chte so schnell auch nicht wieder verschwinden.<br>Der Burnout schleicht sich leise von hinten an und \u00fcberf\u00e4llt dich dann aus dem Hinterhalt. Du verlierst dich in deiner Arbeit und dem Alltagsstress und hast gar keine Zeit mehr, auf deinen K\u00f6rper zu h\u00f6ren.  <strong>\u00dcberarbeitet, \u00fcberfordert und gestresst<\/strong> \u2013 das sind die drei Worte, mit denen die meisten Betroffenen ihren Zustand beschreiben. Und das sind gar nicht so wenige. Sch\u00e4tzungen zufolge sind etwa 30 % aller Berufst\u00e4tigen Burnout gef\u00e4hrdet, Tendenz steigend. Grund daf\u00fcr ist die immer weiter steigende Verantwortung, die auf den Arbeitnehmern liegt, unabh\u00e4ngig von F\u00fchrungspositionen, steigender Leistungsdruck und die dauerhafte Erreichbarkeit.<\/p>\n\n\n\n<h3 id=\"h-wie-f-hlt-sich-ein-burnout-an\"><strong><span class=\"has-inline-color has-colibri-color-3-color\">Wie f\u00fchlt sich ein Burnout an?<\/span><\/strong><\/h3>\n\n\n\n<p>Ein Burnout zeigt sich h\u00e4ufig zuerst durch k\u00f6rperliche Anzeichen. Das erschwert es oftmals, ihn als solchen zu erkennen. Zu diesen Symptomen geh\u00f6ren unter anderem:<\/p>\n\n\n\n<p><span class=\"has-inline-color has-colibri-color-3-color\">&#8211; Magen-Darm-Beschwerden<br>&#8211; Kreislaufprobleme<br>&#8211; Herzklopfen<br>&#8211; Starke M\u00fcdigkeit trotz ausreichend Schlaf<br>&#8211; Nerv\u00f6se Unruhe<br>&#8211; Schw\u00e4chegef\u00fchl<br>&#8211; Konzentrations- und Ged\u00e4chtnisprobleme<br>&#8211; Antriebslosigkeit<br>&#8211; Entscheidungsunf\u00e4higkeit<br>&#8211; Versagens\u00e4ngste<br>&#8211; Verzweiflung<br>&#8211; Innere Leere<\/span><\/p>\n\n\n\n<h3 id=\"h-wie-man-burnout-vermeiden-kann-5-tipps-gegen-stress-und-ngste\"><strong> <span class=\"has-inline-color has-colibri-color-3-color\">Tipps gegen Stress und \u00c4ngste<\/span><\/strong><\/h3>\n\n\n\n<p>&#8211; Gestalte deinen Alltag achtsam, trenne Berufliches von Privatem. Wer jeden Tag Arbeit mit nach Hause nimmt \u2013 sei es wortw\u00f6rtlich oder in Gedanken \u2013 kann nie entspannen.<br>&#8211; Nimm dir t\u00e4glich Zeit f\u00fcr etwas, das dir Freude bereitet. Auch wenn es nur 15 Minuten sind, untersch\u00e4tze die Wirkung von Gl\u00fccksgef\u00fchlen nicht. Belohne dich manchmal. <br>&#8211; Sage auch einmal \u201eNein\u201c, wenn deine Grenzen erreicht sind. <br>&#8211; Bewege dich t\u00e4glich, treibe regelm\u00e4ssig Sport und baue damit Stresshormone ab. Eine Joggen durch den Park macht nicht nur den Kopf frei, sondern wirkt sich auch noch positiv auf deine Leistungsf\u00e4higkeit aus.<br>&#8211; Lerne Entspannungstechniken, yoga, meditiere, so kannst du den Stress abbauen. <\/p>","protected":false},"excerpt":{"rendered":"<p>Was genau ist ein Burnout \u00fcberhaupt? Du bist unglaublich engagiert bei der Arbeit, \u00fcbernimmst unz\u00e4hlige Aufgaben und \u00dcberstunden stehen an der Tagesordnung? Du f\u00fchlst dich k\u00f6rperlich und geistig ersch\u00f6pft und Motivation und Freude werden f\u00fcr dich langsam aber sicher zu Fremdw\u00f6rtern? Der gr\u00f6\u00dfte Risikofaktor f\u00fcr einen Burnout liegt klar auf der Hand: \u00fcberm\u00e4\u00dfiger Stress.&nbsp;Ein Burnout [&hellip;]<\/p>","protected":false},"author":1,"featured_media":0,"parent":0,"menu_order":0,"comment_status":"closed","ping_status":"closed","template":"","meta":[],"_links":{"self":[{"href":"https:\/\/psychotherapiehaus.ch\/tr\/wp-json\/wp\/v2\/pages\/632"}],"collection":[{"href":"https:\/\/psychotherapiehaus.ch\/tr\/wp-json\/wp\/v2\/pages"}],"about":[{"href":"https:\/\/psychotherapiehaus.ch\/tr\/wp-json\/wp\/v2\/types\/page"}],"author":[{"embeddable":true,"href":"https:\/\/psychotherapiehaus.ch\/tr\/wp-json\/wp\/v2\/users\/1"}],"replies":[{"embeddable":true,"href":"https:\/\/psychotherapiehaus.ch\/tr\/wp-json\/wp\/v2\/comments?post=632"}],"version-history":[{"count":12,"href":"https:\/\/psychotherapiehaus.ch\/tr\/wp-json\/wp\/v2\/pages\/632\/revisions"}],"predecessor-version":[{"id":2676,"href":"https:\/\/psychotherapiehaus.ch\/tr\/wp-json\/wp\/v2\/pages\/632\/revisions\/2676"}],"wp:attachment":[{"href":"https:\/\/psychotherapiehaus.ch\/tr\/wp-json\/wp\/v2\/media?parent=632"}],"curies":[{"name":"wp","href":"https:\/\/api.w.org\/{rel}","templated":true}]}}